{"id":1913,"date":"2021-08-16T16:26:49","date_gmt":"2021-08-16T14:26:49","guid":{"rendered":"https:\/\/tenisowatalentiada.pl\/?page_id=1913"},"modified":"2025-12-15T17:28:49","modified_gmt":"2025-12-15T16:28:49","slug":"aktualnosci","status":"publish","type":"page","link":"https:\/\/tenisowatalentiada.pl\/en\/aktualnosci\/","title":{"rendered":"Aktualno\u015bci"},"content":{"rendered":"<div data-elementor-type=\"wp-page\" data-elementor-id=\"1913\" class=\"elementor elementor-1913\" data-elementor-post-type=\"page\">\n\t\t\t\t\t\t<section class=\"elementor-section elementor-top-section elementor-element elementor-element-2712d162 elementor-section-boxed elementor-section-height-default elementor-section-height-default\" data-id=\"2712d162\" data-element_type=\"section\" data-e-type=\"section\">\n\t\t\t\t\t\t<div class=\"elementor-container elementor-column-gap-default\">\n\t\t\t\t\t<div class=\"elementor-column elementor-col-100 elementor-top-column elementor-element elementor-element-199231e2\" data-id=\"199231e2\" data-element_type=\"column\" data-e-type=\"column\">\n\t\t\t<div class=\"elementor-widget-wrap elementor-element-populated\">\n\t\t\t\t\t\t<div class=\"elementor-element elementor-element-8098ad0 elementor-grid-3 elementor-grid-tablet-2 elementor-grid-mobile-1 elementor-posts--thumbnail-top elementor-widget elementor-widget-posts\" data-id=\"8098ad0\" data-element_type=\"widget\" data-e-type=\"widget\" data-settings=\"{&quot;pagination_type&quot;:&quot;numbers&quot;,&quot;classic_columns&quot;:&quot;3&quot;,&quot;classic_columns_tablet&quot;:&quot;2&quot;,&quot;classic_columns_mobile&quot;:&quot;1&quot;,&quot;classic_row_gap&quot;:{&quot;unit&quot;:&quot;px&quot;,&quot;size&quot;:35,&quot;sizes&quot;:[]},&quot;classic_row_gap_tablet&quot;:{&quot;unit&quot;:&quot;px&quot;,&quot;size&quot;:&quot;&quot;,&quot;sizes&quot;:[]},&quot;classic_row_gap_mobile&quot;:{&quot;unit&quot;:&quot;px&quot;,&quot;size&quot;:&quot;&quot;,&quot;sizes&quot;:[]}}\" data-widget_type=\"posts.classic\">\n\t\t\t\t<div class=\"elementor-widget-container\">\n\t\t\t\t\t\t\t<div class=\"elementor-posts-container elementor-posts elementor-posts--skin-classic elementor-grid\">\n\t\t\t\t<article class=\"elementor-post elementor-grid-item post-7461 post type-post status-publish format-standard has-post-thumbnail hentry category-bez-kategorii\">\n\t\t\t\t<a class=\"elementor-post__thumbnail__link\" href=\"https:\/\/tenisowatalentiada.pl\/en\/rusza-24-edycja-tenisowej-talentiady\/\" tabindex=\"-1\" >\n\t\t\t<div class=\"elementor-post__thumbnail\"><img fetchpriority=\"high\" decoding=\"async\" width=\"1024\" height=\"683\" src=\"https:\/\/tenisowatalentiada.pl\/wp-content\/uploads\/2026\/04\/ruszyly_zapisy_TALENTIADA-2026-1024x683-1.jpg\" class=\"attachment-large size-large wp-image-7464\" alt=\"\" srcset=\"https:\/\/tenisowatalentiada.pl\/wp-content\/uploads\/2026\/04\/ruszyly_zapisy_TALENTIADA-2026-1024x683-1.jpg 1024w, https:\/\/tenisowatalentiada.pl\/wp-content\/uploads\/2026\/04\/ruszyly_zapisy_TALENTIADA-2026-1024x683-1-300x200.jpg 300w, https:\/\/tenisowatalentiada.pl\/wp-content\/uploads\/2026\/04\/ruszyly_zapisy_TALENTIADA-2026-1024x683-1-768x512.jpg 768w, https:\/\/tenisowatalentiada.pl\/wp-content\/uploads\/2026\/04\/ruszyly_zapisy_TALENTIADA-2026-1024x683-1-18x12.jpg 18w\" sizes=\"(max-width: 1024px) 100vw, 1024px\" \/><\/div>\n\t\t<\/a>\n\t\t\t\t<div class=\"elementor-post__text\">\n\t\t\t\t<h3 class=\"elementor-post__title\">\n\t\t\t<a href=\"https:\/\/tenisowatalentiada.pl\/en\/rusza-24-edycja-tenisowej-talentiady\/\" >\n\t\t\t\tRusza 24. edycja Tenisowej Talentiady!\t\t\t<\/a>\n\t\t<\/h3>\n\t\t\t\t<div class=\"elementor-post__meta-data\">\n\t\t\t\t\t<span class=\"elementor-post-date\">\n\t\t\t28 April 2026\t\t<\/span>\n\t\t\t\t<span class=\"elementor-post-avatar\">\n\t\t\tNo Comments\t\t<\/span>\n\t\t\t\t<\/div>\n\t\t\t\t<\/div>\n\t\t\t\t<\/article>\n\t\t\t\t<article class=\"elementor-post elementor-grid-item post-7295 post type-post status-publish format-standard has-post-thumbnail hentry category-bez-kategorii\">\n\t\t\t\t<a class=\"elementor-post__thumbnail__link\" href=\"https:\/\/tenisowatalentiada.pl\/en\/baltic-tennis-club-zwyciezca-xiii-edycji-kinder-jou-of-moving-tenisowa-talentiada\/\" tabindex=\"-1\" >\n\t\t\t<div class=\"elementor-post__thumbnail\"><img decoding=\"async\" width=\"1000\" height=\"667\" src=\"https:\/\/tenisowatalentiada.pl\/wp-content\/uploads\/2025\/09\/KINDER_JOM_2025_Talendiada_news_miniatura_2.jpg\" class=\"attachment-large size-large wp-image-7305\" alt=\"\" srcset=\"https:\/\/tenisowatalentiada.pl\/wp-content\/uploads\/2025\/09\/KINDER_JOM_2025_Talendiada_news_miniatura_2.jpg 1000w, https:\/\/tenisowatalentiada.pl\/wp-content\/uploads\/2025\/09\/KINDER_JOM_2025_Talendiada_news_miniatura_2-300x200.jpg 300w, https:\/\/tenisowatalentiada.pl\/wp-content\/uploads\/2025\/09\/KINDER_JOM_2025_Talendiada_news_miniatura_2-768x512.jpg 768w, https:\/\/tenisowatalentiada.pl\/wp-content\/uploads\/2025\/09\/KINDER_JOM_2025_Talendiada_news_miniatura_2-18x12.jpg 18w\" sizes=\"(max-width: 1000px) 100vw, 1000px\" \/><\/div>\n\t\t<\/a>\n\t\t\t\t<div class=\"elementor-post__text\">\n\t\t\t\t<h3 class=\"elementor-post__title\">\n\t\t\t<a href=\"https:\/\/tenisowatalentiada.pl\/en\/baltic-tennis-club-zwyciezca-xiii-edycji-kinder-jou-of-moving-tenisowa-talentiada\/\" >\n\t\t\t\tBaltic Tennis Club zwyci\u0119zc\u0105 XXIII edycji KINDER Joy of moving Tenisowa Talentiada!\t\t\t<\/a>\n\t\t<\/h3>\n\t\t\t\t<div class=\"elementor-post__meta-data\">\n\t\t\t\t\t<span class=\"elementor-post-date\">\n\t\t\t21 September 2025\t\t<\/span>\n\t\t\t\t<span class=\"elementor-post-avatar\">\n\t\t\tNo Comments\t\t<\/span>\n\t\t\t\t<\/div>\n\t\t\t\t<\/div>\n\t\t\t\t<\/article>\n\t\t\t\t<article class=\"elementor-post elementor-grid-item post-7288 post type-post status-publish format-standard has-post-thumbnail hentry category-bez-kategorii\">\n\t\t\t\t<a class=\"elementor-post__thumbnail__link\" href=\"https:\/\/tenisowatalentiada.pl\/en\/przed-nami-wielki-final-xxiii-edycji-kjom-tenisowa-talentiada\/\" tabindex=\"-1\" >\n\t\t\t<div class=\"elementor-post__thumbnail\"><img decoding=\"async\" width=\"1024\" height=\"683\" src=\"https:\/\/tenisowatalentiada.pl\/wp-content\/uploads\/2025\/09\/KINDER_JOM_TALENTIADA-25_4-MINIATURA-1024x683.png\" class=\"attachment-large size-large wp-image-7289\" alt=\"\" srcset=\"https:\/\/tenisowatalentiada.pl\/wp-content\/uploads\/2025\/09\/KINDER_JOM_TALENTIADA-25_4-MINIATURA-1024x683.png 1024w, https:\/\/tenisowatalentiada.pl\/wp-content\/uploads\/2025\/09\/KINDER_JOM_TALENTIADA-25_4-MINIATURA-300x200.png 300w, https:\/\/tenisowatalentiada.pl\/wp-content\/uploads\/2025\/09\/KINDER_JOM_TALENTIADA-25_4-MINIATURA-768x512.png 768w, https:\/\/tenisowatalentiada.pl\/wp-content\/uploads\/2025\/09\/KINDER_JOM_TALENTIADA-25_4-MINIATURA-1536x1024.png 1536w, https:\/\/tenisowatalentiada.pl\/wp-content\/uploads\/2025\/09\/KINDER_JOM_TALENTIADA-25_4-MINIATURA-2048x1365.png 2048w, https:\/\/tenisowatalentiada.pl\/wp-content\/uploads\/2025\/09\/KINDER_JOM_TALENTIADA-25_4-MINIATURA-18x12.png 18w\" sizes=\"(max-width: 1024px) 100vw, 1024px\" \/><\/div>\n\t\t<\/a>\n\t\t\t\t<div class=\"elementor-post__text\">\n\t\t\t\t<h3 class=\"elementor-post__title\">\n\t\t\t<a href=\"https:\/\/tenisowatalentiada.pl\/en\/przed-nami-wielki-final-xxiii-edycji-kjom-tenisowa-talentiada\/\" >\n\t\t\t\tPrzed nami Wielki Fina\u0142 XXIII edycji KJOM Tenisowa Talentiada!\t\t\t<\/a>\n\t\t<\/h3>\n\t\t\t\t<div class=\"elementor-post__meta-data\">\n\t\t\t\t\t<span class=\"elementor-post-date\">\n\t\t\t16 September 2025\t\t<\/span>\n\t\t\t\t<span class=\"elementor-post-avatar\">\n\t\t\tNo Comments\t\t<\/span>\n\t\t\t\t<\/div>\n\t\t\t\t<\/div>\n\t\t\t\t<\/article>\n\t\t\t\t<article class=\"elementor-post elementor-grid-item post-7278 post type-post status-publish format-standard has-post-thumbnail hentry category-bez-kategorii\">\n\t\t\t\t<a class=\"elementor-post__thumbnail__link\" href=\"https:\/\/tenisowatalentiada.pl\/en\/polfinaly-ogolnopolskie-xxiii-edycji-kinder-joy-of-moving-tenisowa-talentiada-radom\/\" tabindex=\"-1\" >\n\t\t\t<div class=\"elementor-post__thumbnail\"><img loading=\"lazy\" decoding=\"async\" width=\"1024\" height=\"683\" src=\"https:\/\/tenisowatalentiada.pl\/wp-content\/uploads\/2025\/09\/KINDER_JOM_TALENTIADA-25_3-MINIATURA-1024x683.png\" class=\"attachment-large size-large wp-image-7279\" alt=\"\" srcset=\"https:\/\/tenisowatalentiada.pl\/wp-content\/uploads\/2025\/09\/KINDER_JOM_TALENTIADA-25_3-MINIATURA-1024x683.png 1024w, https:\/\/tenisowatalentiada.pl\/wp-content\/uploads\/2025\/09\/KINDER_JOM_TALENTIADA-25_3-MINIATURA-300x200.png 300w, https:\/\/tenisowatalentiada.pl\/wp-content\/uploads\/2025\/09\/KINDER_JOM_TALENTIADA-25_3-MINIATURA-768x512.png 768w, https:\/\/tenisowatalentiada.pl\/wp-content\/uploads\/2025\/09\/KINDER_JOM_TALENTIADA-25_3-MINIATURA-1536x1024.png 1536w, https:\/\/tenisowatalentiada.pl\/wp-content\/uploads\/2025\/09\/KINDER_JOM_TALENTIADA-25_3-MINIATURA-2048x1365.png 2048w, https:\/\/tenisowatalentiada.pl\/wp-content\/uploads\/2025\/09\/KINDER_JOM_TALENTIADA-25_3-MINIATURA-18x12.png 18w\" sizes=\"(max-width: 1024px) 100vw, 1024px\" \/><\/div>\n\t\t<\/a>\n\t\t\t\t<div class=\"elementor-post__text\">\n\t\t\t\t<h3 class=\"elementor-post__title\">\n\t\t\t<a href=\"https:\/\/tenisowatalentiada.pl\/en\/polfinaly-ogolnopolskie-xxiii-edycji-kinder-joy-of-moving-tenisowa-talentiada-radom\/\" >\n\t\t\t\tP\u00f3\u0142fina\u0142y Og\u00f3lnopolskie XXIII edycji KINDER Joy of Moving Tenisowa Talentiada \u2013 Radom\t\t\t<\/a>\n\t\t<\/h3>\n\t\t\t\t<div class=\"elementor-post__meta-data\">\n\t\t\t\t\t<span class=\"elementor-post-date\">\n\t\t\t6 September 2025\t\t<\/span>\n\t\t\t\t<span class=\"elementor-post-avatar\">\n\t\t\tNo Comments\t\t<\/span>\n\t\t\t\t<\/div>\n\t\t\t\t<\/div>\n\t\t\t\t<\/article>\n\t\t\t\t<article class=\"elementor-post elementor-grid-item post-7274 post type-post status-publish format-standard has-post-thumbnail hentry category-bez-kategorii\">\n\t\t\t\t<a class=\"elementor-post__thumbnail__link\" href=\"https:\/\/tenisowatalentiada.pl\/en\/polfinaly-ogolnopolskie-xxiii-edycji-kinder-joy-of-moving-tenisowa-talentiada-poznan\/\" tabindex=\"-1\" >\n\t\t\t<div class=\"elementor-post__thumbnail\"><img loading=\"lazy\" decoding=\"async\" width=\"1024\" height=\"683\" src=\"https:\/\/tenisowatalentiada.pl\/wp-content\/uploads\/2025\/09\/KINDER_JOM_TALENTIADA-25_2-MINIATURA-1024x683.png\" class=\"attachment-large size-large wp-image-7272\" alt=\"\" srcset=\"https:\/\/tenisowatalentiada.pl\/wp-content\/uploads\/2025\/09\/KINDER_JOM_TALENTIADA-25_2-MINIATURA-1024x683.png 1024w, https:\/\/tenisowatalentiada.pl\/wp-content\/uploads\/2025\/09\/KINDER_JOM_TALENTIADA-25_2-MINIATURA-300x200.png 300w, https:\/\/tenisowatalentiada.pl\/wp-content\/uploads\/2025\/09\/KINDER_JOM_TALENTIADA-25_2-MINIATURA-768x512.png 768w, https:\/\/tenisowatalentiada.pl\/wp-content\/uploads\/2025\/09\/KINDER_JOM_TALENTIADA-25_2-MINIATURA-1536x1024.png 1536w, https:\/\/tenisowatalentiada.pl\/wp-content\/uploads\/2025\/09\/KINDER_JOM_TALENTIADA-25_2-MINIATURA-2048x1365.png 2048w, https:\/\/tenisowatalentiada.pl\/wp-content\/uploads\/2025\/09\/KINDER_JOM_TALENTIADA-25_2-MINIATURA-18x12.png 18w\" sizes=\"(max-width: 1024px) 100vw, 1024px\" \/><\/div>\n\t\t<\/a>\n\t\t\t\t<div class=\"elementor-post__text\">\n\t\t\t\t<h3 class=\"elementor-post__title\">\n\t\t\t<a href=\"https:\/\/tenisowatalentiada.pl\/en\/polfinaly-ogolnopolskie-xxiii-edycji-kinder-joy-of-moving-tenisowa-talentiada-poznan\/\" >\n\t\t\t\tP\u00f3\u0142fina\u0142y Og\u00f3lnopolskie XXIII edycji KINDER Joy of Moving Tenisowa Talentiada \u2013 Pozna\u0144\t\t\t<\/a>\n\t\t<\/h3>\n\t\t\t\t<div class=\"elementor-post__meta-data\">\n\t\t\t\t\t<span class=\"elementor-post-date\">\n\t\t\t6 September 2025\t\t<\/span>\n\t\t\t\t<span class=\"elementor-post-avatar\">\n\t\t\tNo Comments\t\t<\/span>\n\t\t\t\t<\/div>\n\t\t\t\t<\/div>\n\t\t\t\t<\/article>\n\t\t\t\t<article class=\"elementor-post elementor-grid-item post-7248 post type-post status-publish format-standard has-post-thumbnail hentry category-bez-kategorii\">\n\t\t\t\t<a class=\"elementor-post__thumbnail__link\" href=\"https:\/\/tenisowatalentiada.pl\/en\/czas-na-polfinaly-w-poznaniu-i-radomiu\/\" tabindex=\"-1\" >\n\t\t\t<div class=\"elementor-post__thumbnail\"><img loading=\"lazy\" decoding=\"async\" width=\"1024\" height=\"683\" src=\"https:\/\/tenisowatalentiada.pl\/wp-content\/uploads\/2025\/09\/KINDER_JOM_TALENTIADA-25_1b-MINIATURA-1024x683.png\" class=\"attachment-large size-large wp-image-7254\" alt=\"\" srcset=\"https:\/\/tenisowatalentiada.pl\/wp-content\/uploads\/2025\/09\/KINDER_JOM_TALENTIADA-25_1b-MINIATURA-1024x683.png 1024w, https:\/\/tenisowatalentiada.pl\/wp-content\/uploads\/2025\/09\/KINDER_JOM_TALENTIADA-25_1b-MINIATURA-300x200.png 300w, https:\/\/tenisowatalentiada.pl\/wp-content\/uploads\/2025\/09\/KINDER_JOM_TALENTIADA-25_1b-MINIATURA-768x512.png 768w, https:\/\/tenisowatalentiada.pl\/wp-content\/uploads\/2025\/09\/KINDER_JOM_TALENTIADA-25_1b-MINIATURA-1536x1024.png 1536w, https:\/\/tenisowatalentiada.pl\/wp-content\/uploads\/2025\/09\/KINDER_JOM_TALENTIADA-25_1b-MINIATURA-2048x1365.png 2048w, https:\/\/tenisowatalentiada.pl\/wp-content\/uploads\/2025\/09\/KINDER_JOM_TALENTIADA-25_1b-MINIATURA-18x12.png 18w\" sizes=\"(max-width: 1024px) 100vw, 1024px\" \/><\/div>\n\t\t<\/a>\n\t\t\t\t<div class=\"elementor-post__text\">\n\t\t\t\t<h3 class=\"elementor-post__title\">\n\t\t\t<a href=\"https:\/\/tenisowatalentiada.pl\/en\/czas-na-polfinaly-w-poznaniu-i-radomiu\/\" >\n\t\t\t\tCzas na P\u00f3\u0142fina\u0142y w Poznaniu i Radomiu!\t\t\t<\/a>\n\t\t<\/h3>\n\t\t\t\t<div class=\"elementor-post__meta-data\">\n\t\t\t\t\t<span class=\"elementor-post-date\">\n\t\t\t1 September 2025\t\t<\/span>\n\t\t\t\t<span class=\"elementor-post-avatar\">\n\t\t\tNo Comments\t\t<\/span>\n\t\t\t\t<\/div>\n\t\t\t\t<\/div>\n\t\t\t\t<\/article>\n\t\t\t\t<article class=\"elementor-post elementor-grid-item post-7237 post type-post status-publish format-standard has-post-thumbnail hentry category-bez-kategorii\">\n\t\t\t\t<a class=\"elementor-post__thumbnail__link\" href=\"https:\/\/tenisowatalentiada.pl\/en\/komunikat-polfinaly-kjom-tenisowa-talentiada-2025\/\" tabindex=\"-1\" >\n\t\t\t<div class=\"elementor-post__thumbnail\"><img loading=\"lazy\" decoding=\"async\" width=\"1024\" height=\"683\" src=\"https:\/\/tenisowatalentiada.pl\/wp-content\/uploads\/2025\/09\/komunikat-2025_MINIATURA_01-1024x683-1.jpg\" class=\"attachment-large size-large wp-image-7238\" alt=\"\" srcset=\"https:\/\/tenisowatalentiada.pl\/wp-content\/uploads\/2025\/09\/komunikat-2025_MINIATURA_01-1024x683-1.jpg 1024w, https:\/\/tenisowatalentiada.pl\/wp-content\/uploads\/2025\/09\/komunikat-2025_MINIATURA_01-1024x683-1-300x200.jpg 300w, https:\/\/tenisowatalentiada.pl\/wp-content\/uploads\/2025\/09\/komunikat-2025_MINIATURA_01-1024x683-1-768x512.jpg 768w, https:\/\/tenisowatalentiada.pl\/wp-content\/uploads\/2025\/09\/komunikat-2025_MINIATURA_01-1024x683-1-18x12.jpg 18w\" sizes=\"(max-width: 1024px) 100vw, 1024px\" \/><\/div>\n\t\t<\/a>\n\t\t\t\t<div class=\"elementor-post__text\">\n\t\t\t\t<h3 class=\"elementor-post__title\">\n\t\t\t<a href=\"https:\/\/tenisowatalentiada.pl\/en\/komunikat-polfinaly-kjom-tenisowa-talentiada-2025\/\" >\n\t\t\t\tKomunikat! P\u00f3\u0142fina\u0142y KJOM Tenisowa Talentiada 2025\t\t\t<\/a>\n\t\t<\/h3>\n\t\t\t\t<div class=\"elementor-post__meta-data\">\n\t\t\t\t\t<span class=\"elementor-post-date\">\n\t\t\t1 September 2025\t\t<\/span>\n\t\t\t\t<span class=\"elementor-post-avatar\">\n\t\t\tNo Comments\t\t<\/span>\n\t\t\t\t<\/div>\n\t\t\t\t<\/div>\n\t\t\t\t<\/article>\n\t\t\t\t<article class=\"elementor-post elementor-grid-item post-7225 post type-post status-publish format-standard has-post-thumbnail hentry category-bez-kategorii\">\n\t\t\t\t<a class=\"elementor-post__thumbnail__link\" href=\"https:\/\/tenisowatalentiada.pl\/en\/podsumowanie-eliminacji-regionalnych\/\" tabindex=\"-1\" >\n\t\t\t<div class=\"elementor-post__thumbnail\"><img loading=\"lazy\" decoding=\"async\" width=\"1024\" height=\"683\" src=\"https:\/\/tenisowatalentiada.pl\/wp-content\/uploads\/2025\/06\/podsumowanie_eliminacji-2025_MINIATURA_01-1024x683-1.jpg\" class=\"attachment-large size-large wp-image-7227\" alt=\"\" srcset=\"https:\/\/tenisowatalentiada.pl\/wp-content\/uploads\/2025\/06\/podsumowanie_eliminacji-2025_MINIATURA_01-1024x683-1.jpg 1024w, https:\/\/tenisowatalentiada.pl\/wp-content\/uploads\/2025\/06\/podsumowanie_eliminacji-2025_MINIATURA_01-1024x683-1-300x200.jpg 300w, https:\/\/tenisowatalentiada.pl\/wp-content\/uploads\/2025\/06\/podsumowanie_eliminacji-2025_MINIATURA_01-1024x683-1-768x512.jpg 768w, https:\/\/tenisowatalentiada.pl\/wp-content\/uploads\/2025\/06\/podsumowanie_eliminacji-2025_MINIATURA_01-1024x683-1-18x12.jpg 18w\" sizes=\"(max-width: 1024px) 100vw, 1024px\" \/><\/div>\n\t\t<\/a>\n\t\t\t\t<div class=\"elementor-post__text\">\n\t\t\t\t<h3 class=\"elementor-post__title\">\n\t\t\t<a href=\"https:\/\/tenisowatalentiada.pl\/en\/podsumowanie-eliminacji-regionalnych\/\" >\n\t\t\t\tPodsumowanie Eliminacji Regionalnych!\t\t\t<\/a>\n\t\t<\/h3>\n\t\t\t\t<div class=\"elementor-post__meta-data\">\n\t\t\t\t\t<span class=\"elementor-post-date\">\n\t\t\t17 June 2025\t\t<\/span>\n\t\t\t\t<span class=\"elementor-post-avatar\">\n\t\t\tNo Comments\t\t<\/span>\n\t\t\t\t<\/div>\n\t\t\t\t<\/div>\n\t\t\t\t<\/article>\n\t\t\t\t<article class=\"elementor-post elementor-grid-item post-7189 post type-post status-publish format-standard has-post-thumbnail hentry category-bez-kategorii\">\n\t\t\t\t<a class=\"elementor-post__thumbnail__link\" href=\"https:\/\/tenisowatalentiada.pl\/en\/poznaj-konkurencje-eliminacyjne-xiii-edycji-kjom-tenisowa-talentiada\/\" tabindex=\"-1\" >\n\t\t\t<div class=\"elementor-post__thumbnail\"><img loading=\"lazy\" decoding=\"async\" width=\"1024\" height=\"683\" src=\"https:\/\/tenisowatalentiada.pl\/wp-content\/uploads\/2025\/06\/poznaj_konkurencje-2025__MINIATURA_01-1024x683-1.jpg\" class=\"attachment-large size-large wp-image-7233\" alt=\"\" srcset=\"https:\/\/tenisowatalentiada.pl\/wp-content\/uploads\/2025\/06\/poznaj_konkurencje-2025__MINIATURA_01-1024x683-1.jpg 1024w, https:\/\/tenisowatalentiada.pl\/wp-content\/uploads\/2025\/06\/poznaj_konkurencje-2025__MINIATURA_01-1024x683-1-300x200.jpg 300w, https:\/\/tenisowatalentiada.pl\/wp-content\/uploads\/2025\/06\/poznaj_konkurencje-2025__MINIATURA_01-1024x683-1-768x512.jpg 768w, https:\/\/tenisowatalentiada.pl\/wp-content\/uploads\/2025\/06\/poznaj_konkurencje-2025__MINIATURA_01-1024x683-1-18x12.jpg 18w\" sizes=\"(max-width: 1024px) 100vw, 1024px\" \/><\/div>\n\t\t<\/a>\n\t\t\t\t<div class=\"elementor-post__text\">\n\t\t\t\t<h3 class=\"elementor-post__title\">\n\t\t\t<a href=\"https:\/\/tenisowatalentiada.pl\/en\/poznaj-konkurencje-eliminacyjne-xiii-edycji-kjom-tenisowa-talentiada\/\" >\n\t\t\t\tPoznaj konkurencje eliminacyjne XXIII edycji KJOM Tenisowa Talentiada!\t\t\t<\/a>\n\t\t<\/h3>\n\t\t\t\t<div class=\"elementor-post__meta-data\">\n\t\t\t\t\t<span class=\"elementor-post-date\">\n\t\t\t4 June 2025\t\t<\/span>\n\t\t\t\t<span class=\"elementor-post-avatar\">\n\t\t\tNo Comments\t\t<\/span>\n\t\t\t\t<\/div>\n\t\t\t\t<\/div>\n\t\t\t\t<\/article>\n\t\t\t\t<\/div>\n\t\t\n\t\t\t\t<div class=\"e-load-more-anchor\" data-page=\"1\" data-max-page=\"7\" data-next-page=\"https:\/\/tenisowatalentiada.pl\/en\/wp-json\/wp\/v2\/pages\/1913\/page\/2\/\"><\/div>\n\t\t\t\t<nav class=\"elementor-pagination\" aria-label=\"Pagination\">\n\t\t\t<span aria-current=\"page\" class=\"page-numbers current\"><span class=\"elementor-screen-only\">Page<\/span>1<\/span>\n<a class=\"page-numbers\" href=\"https:\/\/tenisowatalentiada.pl\/en\/wp-json\/wp\/v2\/pages\/1913\/page\/2\/\"><span class=\"elementor-screen-only\">Page<\/span>2<\/a>\n<a class=\"page-numbers\" href=\"https:\/\/tenisowatalentiada.pl\/en\/wp-json\/wp\/v2\/pages\/1913\/page\/3\/\"><span class=\"elementor-screen-only\">Page<\/span>3<\/a>\n<span class=\"page-numbers dots\">&hellip;<\/span>\n<a class=\"page-numbers\" href=\"https:\/\/tenisowatalentiada.pl\/en\/wp-json\/wp\/v2\/pages\/1913\/page\/7\/\"><span class=\"elementor-screen-only\">Page<\/span>7<\/a>\t\t<\/nav>\n\t\t\t\t\t\t<\/div>\n\t\t\t\t<\/div>\n\t\t\t\t\t<\/div>\n\t\t<\/div>\n\t\t\t\t\t<\/div>\n\t\t<\/section>\n\t\t\t\t<\/div>","protected":false},"excerpt":{"rendered":"","protected":false},"author":1,"featured_media":0,"parent":0,"menu_order":0,"comment_status":"closed","ping_status":"closed","template":"","meta":{"site-sidebar-layout":"no-sidebar","site-content-layout":"page-builder","ast-site-content-layout":"default","site-content-style":"default","site-sidebar-style":"default","ast-global-header-display":"","ast-banner-title-visibility":"","ast-main-header-display":"","ast-hfb-above-header-display":"","ast-hfb-below-header-display":"","ast-hfb-mobile-header-display":"","site-post-title":"disabled","ast-breadcrumbs-content":"","ast-featured-img":"disabled","footer-sml-layout":"","ast-disable-related-posts":"","theme-transparent-header-meta":"default","adv-header-id-meta":"","stick-header-meta":"","header-above-stick-meta":"","header-main-stick-meta":"","header-below-stick-meta":"","astra-migrate-meta-layouts":"default","ast-page-background-enabled":"default","ast-page-background-meta":{"desktop":{"background-color":"","background-image":"","background-repeat":"repeat","background-position":"center center","background-size":"auto","background-attachment":"scroll","background-type":"","background-media":"","overlay-type":"","overlay-color":"","overlay-opacity":"","overlay-gradient":""},"tablet":{"background-color":"","background-image":"","background-repeat":"repeat","background-position":"center center","background-size":"auto","background-attachment":"scroll","background-type":"","background-media":"","overlay-type":"","overlay-color":"","overlay-opacity":"","overlay-gradient":""},"mobile":{"background-color":"","background-image":"","background-repeat":"repeat","background-position":"center center","background-size":"auto","background-attachment":"scroll","background-type":"","background-media":"","overlay-type":"","overlay-color":"","overlay-opacity":"","overlay-gradient":""}},"ast-content-background-meta":{"desktop":{"background-color":"var(--ast-global-color-5)","background-image":"","background-repeat":"repeat","background-position":"center center","background-size":"auto","background-attachment":"scroll","background-type":"","background-media":"","overlay-type":"","overlay-color":"","overlay-opacity":"","overlay-gradient":""},"tablet":{"background-color":"var(--ast-global-color-5)","background-image":"","background-repeat":"repeat","background-position":"center center","background-size":"auto","background-attachment":"scroll","background-type":"","background-media":"","overlay-type":"","overlay-color":"","overlay-opacity":"","overlay-gradient":""},"mobile":{"background-color":"var(--ast-global-color-5)","background-image":"","background-repeat":"repeat","background-position":"center center","background-size":"auto","background-attachment":"scroll","background-type":"","background-media":"","overlay-type":"","overlay-color":"","overlay-opacity":"","overlay-gradient":""}},"footnotes":""},"class_list":["post-1913","page","type-page","status-publish","hentry"],"aioseo_notices":[],"_links":{"self":[{"href":"https:\/\/tenisowatalentiada.pl\/en\/wp-json\/wp\/v2\/pages\/1913","targetHints":{"allow":["GET"]}}],"collection":[{"href":"https:\/\/tenisowatalentiada.pl\/en\/wp-json\/wp\/v2\/pages"}],"about":[{"href":"https:\/\/tenisowatalentiada.pl\/en\/wp-json\/wp\/v2\/types\/page"}],"author":[{"embeddable":true,"href":"https:\/\/tenisowatalentiada.pl\/en\/wp-json\/wp\/v2\/users\/1"}],"replies":[{"embeddable":true,"href":"https:\/\/tenisowatalentiada.pl\/en\/wp-json\/wp\/v2\/comments?post=1913"}],"version-history":[{"count":351,"href":"https:\/\/tenisowatalentiada.pl\/en\/wp-json\/wp\/v2\/pages\/1913\/revisions"}],"predecessor-version":[{"id":7349,"href":"https:\/\/tenisowatalentiada.pl\/en\/wp-json\/wp\/v2\/pages\/1913\/revisions\/7349"}],"wp:attachment":[{"href":"https:\/\/tenisowatalentiada.pl\/en\/wp-json\/wp\/v2\/media?parent=1913"}],"curies":[{"name":"wp","href":"https:\/\/api.w.org\/{rel}","templated":true}]}}